{"id":1300,"date":"2017-05-31T15:22:19","date_gmt":"2017-05-31T13:22:19","guid":{"rendered":"https:\/\/www.cilfa.fr\/?page_id=1300\/"},"modified":"2024-10-01T15:07:32","modified_gmt":"2024-10-01T13:07:32","slug":"cilfacyclette","status":"publish","type":"page","link":"https:\/\/www.cilfa.fr\/es\/cilfacyclette\/","title":{"rendered":"La CilfaCyclette"},"content":{"rendered":"<div class=\"titre\">\n<h2>Descubrid la cultura francesa y aprend\u00e9is el franc\u00e9s\u2026 pedaleando\u00a0!<\/h2>\n<h2><a href=\"https:\/\/www.cilfa.fr\/wp-content\/uploads\/2017\/05\/tour-cilfacyclette-300x250.png\" target=\"_blank\" rel=\"noopener noreferrer\"><img loading=\"lazy\" decoding=\"async\" class=\"alignright wp-image-319 size-medium\" src=\"https:\/\/www.cilfa.fr\/wp-content\/uploads\/2017\/05\/tour-cilfacyclette-300x250.png\" alt=\"\" width=\"300\" height=\"250\" srcset=\"https:\/\/www.cilfa.fr\/wp-content\/uploads\/2017\/05\/tour-cilfacyclette-300x250.png 300w, https:\/\/www.cilfa.fr\/wp-content\/uploads\/2017\/05\/tour-cilfacyclette.png 350w\" sizes=\"auto, (max-width: 300px) 100vw, 300px\" \/><\/a><\/h2>\n<\/div>\n<article><strong>El giro de los Bauges por las pistas ciclables en 4 dias en immersi\u00f3n total en la lengua francesa.<\/strong>El recorrido (llano y m\u00e1s o menos de 45km al d\u00eda, asesible a todos y en mayor\u00eda en pistas ciclables) bordea los algos alpinos, atraviesa el campo y los vi\u00f1edos saboyanos (degustaci\u00f3n de quesos y visita de un museo vit\u00edcola con degustaci\u00f3n de vinos regionales) y permite descubrir ciudades medievales, castillos, la ciudad ol\u00edmpica de Albertville, Chamb\u00e9ry y su universidad o tambi\u00e9n la ciudad termal de Aix-les-Bains.<a href=\"https:\/\/www.cilfa.fr\/es\/contacto\/\"><em>Inscripciones por confirmar al secretariado del CILFA<\/em><\/a><\/article>\n<article><\/article>\n<article><\/article>\n<article><\/article>\n<article><strong><strong><br \/>\n<\/strong><\/strong><strong>Participantes<\/strong><br \/>\nN\u00famero m\u00e1ximo de participantes:10, N\u00famero m\u00ednimo de participantes:4<\/article>\n<article><strong>Comidas<\/strong><br \/>\nMediod\u00eda : Picnic, Tarde : Cenas variadas<\/p>\n<div class=\"video-container\"><iframe loading=\"lazy\" src=\"https:\/\/www.youtube.com\/embed\/1dDlgVDqsuQ\" width=\"560\" height=\"315\" frameborder=\"0\" allowfullscreen=\"allowfullscreen\"><\/iframe><\/div>\n<h2 style=\"text-align: center;\"><\/h2>\n<h2>Del viernes 11 de julio al mediod\u00eda al lunes 14 de julio 2025 por la tarde.<\/h2>\n<table>\n<thead>\n<tr>\n<th scope=\"col\">D\u00eda\/Recorrido<\/th>\n<th scope=\"col\">Alojamiento \/ comida<\/th>\n<th scope=\"col\">Visitas, curiosidades<\/th>\n<\/tr>\n<\/thead>\n<tbody>\n<tr>\n<td><strong>D\u00eda 1<\/strong><\/p>\n<p>viernes 11 de julio<\/p>\n<p>Annecy &#8211; Albertville<br \/>\n50 km<\/td>\n<td>Camping de Albertville<\/p>\n<p>Almuerzo : picnic<br \/>\nCena : cena en la ciudad<\/td>\n<td>\n<ul>\n<li><strong>Espectacular pista ciclable del lago de Annecy.<\/strong><\/li>\n<li>Ciudad industrial de Ugine.<\/li>\n<li><strong>Albertville, ciudad ol\u00edmpica.<\/strong><\/li>\n<li><strong>Conflans, ciudad medieval.<\/strong><\/li>\n<\/ul>\n<\/td>\n<\/tr>\n<tr>\n<td><strong>D\u00eda 2<\/strong><\/p>\n<p><span style=\"font-family: inherit; font-size: inherit;\">s\u00e1bado 12<\/span> de julio<\/p>\n<p>Albertville &#8211; Montm\u00e9lian<br \/>\n45 km<\/td>\n<td>Camping l\u2019Escale Ste-H\u00e9l\u00e8ne du lac<\/p>\n<p>Almuerzo : picnic<br \/>\nCena : restaurante<\/td>\n<td>\n<ul>\n<li>Panorama del <strong>castillo de Miolans.<\/strong><\/li>\n<li>Descubierta de los <strong>vi\u00f1edos de Saboya<\/strong> en un <strong>museo vit\u00edcola<\/strong> con <strong>degustaci\u00f3n.<\/strong><\/li>\n<\/ul>\n<\/td>\n<\/tr>\n<tr>\n<td><strong>D\u00eda 3<\/strong><\/p>\n<p><span style=\"font-family: inherit; font-size: inherit;\">domingo <\/span><span style=\"font-family: inherit; font-size: inherit;\">13 de julio<\/span><\/p>\n<p>Montm\u00e9lian &#8211; Bourget-du-Lac<br \/>\n45 km<\/td>\n<td>Camping de Bourget-du-Lac<\/p>\n<p>Almuerzo : picnic<br \/>\nCena : restaurante<\/td>\n<td>\n<ul>\n<li><strong>Montm\u00e9lian,<\/strong> ciudad solar, fuerte.<\/li>\n<li><strong>Lago St Andr\u00e9<\/strong> (rodeado de vi\u00f1edos).<\/li>\n<li>Visita de <strong>Chamb\u00e9ry.<\/strong><\/li>\n<li><strong>Lago del Bourget.<\/strong><\/li>\n<\/ul>\n<\/td>\n<\/tr>\n<tr>\n<td><strong>D\u00eda 4<\/strong><\/p>\n<p><span style=\"font-family: inherit; font-size: inherit;\">lunes <\/span>14 de julio<\/p>\n<p>Bourget-du-Lac &#8211; Annecy<br \/>\n55 km<\/td>\n<td>Almuerzo : degustaci\u00f3n<br \/>\nde quesos regionales<\/td>\n<td>\n<ul>\n<li><strong>Aix-les-Bains<\/strong>, ciudad termal.<\/li>\n<li><strong>Pont de l\u2019Ab\u00eeme<\/strong> (puente colgante).<\/li>\n<li><strong>Refrescantes<\/strong> para la llegada en Annecy.<\/li>\n<\/ul>\n<\/td>\n<\/tr>\n<\/tbody>\n<\/table>\n<p><strong>Total<\/strong> : 195 km<\/p>\n<p><strong>Precio : 150 \u20ac <\/strong><br \/>\nEl precio incluye el alquiler de la bicicleta, el alojamiento en camping, un picnic con la degustaci\u00f3n de quesos regionales, las visitas de Conflans, Albertville, Montm\u00e9lian, Chamb\u00e9ry, Aix-les-Bains, la visita de un museo con degustaci\u00f3n de vinos, las actividades ling\u00fc\u00edsticas y el acompa\u00f1amiento. Informaci\u00f3n:\u00a0<a href=\"https:\/\/www.cilfa.fr\/es\/el-equipo-de-cilfa\/#frederic-michelland\">Fr\u00e9d\u00e9ric Michelland.<\/a><\/p>\n<p><strong>\u00a0<\/strong><\/p>\n<\/article>\n","protected":false},"excerpt":{"rendered":"<p>Descubrid la cultura francesa y aprend\u00e9is el franc\u00e9s\u2026 pedaleando\u00a0! El giro de los Bauges por las pistas ciclables en 4 dias en immersi\u00f3n total en la lengua francesa.El recorrido (llano y m\u00e1s o menos de 45km al d\u00eda, asesible a todos y en mayor\u00eda en pistas ciclables) bordea los algos alpinos, atraviesa el campo y [&hellip;]<\/p>\n","protected":false},"author":8,"featured_media":2923,"parent":0,"menu_order":0,"comment_status":"closed","ping_status":"closed","template":"","meta":{"footnotes":""},"class_list":["post-1300","page","type-page","status-publish","has-post-thumbnail","hentry"],"yoast_head":"<!-- This site is optimized with the Yoast SEO plugin v27.5 - https:\/\/yoast.com\/product\/yoast-seo-wordpress\/ -->\n<title>La CilfaCyclette - Cilfa<\/title>\n<meta name=\"description\" content=\"La CilfaCyclette: descubrid la cultura francesa y aprend\u00e9is el franc\u00e9s\u2026 pedaleando. El giro de los Bauges por las pistas ciclables en 4 dias en immersi\u00f3n total en la lengua francesa.\" \/>\n<meta name=\"robots\" content=\"index, follow, max-snippet:-1, max-image-preview:large, max-video-preview:-1\" \/>\n<link rel=\"canonical\" href=\"https:\/\/www.cilfa.fr\/es\/cilfacyclette\/\" \/>\n<meta property=\"og:locale\" content=\"es_ES\" \/>\n<meta property=\"og:type\" content=\"article\" \/>\n<meta property=\"og:title\" content=\"La CilfaCyclette - Cilfa\" \/>\n<meta property=\"og:description\" content=\"La CilfaCyclette: descubrid la cultura francesa y aprend\u00e9is el franc\u00e9s\u2026 pedaleando. El giro de los Bauges por las pistas ciclables en 4 dias en immersi\u00f3n total en la lengua francesa.\" \/>\n<meta property=\"og:url\" content=\"https:\/\/www.cilfa.fr\/es\/cilfacyclette\/\" \/>\n<meta property=\"og:site_name\" content=\"Cilfa\" \/>\n<meta property=\"article:modified_time\" content=\"2024-10-01T13:07:32+00:00\" \/>\n<meta property=\"og:image\" content=\"https:\/\/www.cilfa.fr\/wp-content\/uploads\/2017\/05\/CilfaCycletteFabienOK-1-e1510670463996.jpg\" \/>\n\t<meta property=\"og:image:width\" content=\"1469\" \/>\n\t<meta property=\"og:image:height\" content=\"375\" \/>\n\t<meta property=\"og:image:type\" content=\"image\/jpeg\" \/>\n<meta name=\"twitter:card\" content=\"summary_large_image\" \/>\n<meta name=\"twitter:label1\" content=\"Tiempo de lectura\" \/>\n\t<meta name=\"twitter:data1\" content=\"3 minutos\" \/>\n<script type=\"application\/ld+json\" class=\"yoast-schema-graph\">{\"@context\":\"https:\\\/\\\/schema.org\",\"@graph\":[{\"@type\":\"WebPage\",\"@id\":\"https:\\\/\\\/www.cilfa.fr\\\/es\\\/cilfacyclette\\\/\",\"url\":\"https:\\\/\\\/www.cilfa.fr\\\/es\\\/cilfacyclette\\\/\",\"name\":\"La CilfaCyclette - Cilfa\",\"isPartOf\":{\"@id\":\"https:\\\/\\\/www.cilfa.fr\\\/es\\\/#website\"},\"primaryImageOfPage\":{\"@id\":\"https:\\\/\\\/www.cilfa.fr\\\/es\\\/cilfacyclette\\\/#primaryimage\"},\"image\":{\"@id\":\"https:\\\/\\\/www.cilfa.fr\\\/es\\\/cilfacyclette\\\/#primaryimage\"},\"thumbnailUrl\":\"https:\\\/\\\/www.cilfa.fr\\\/wp-content\\\/uploads\\\/2017\\\/05\\\/CilfaCycletteFabienOK-1-e1510670463996.jpg\",\"datePublished\":\"2017-05-31T13:22:19+00:00\",\"dateModified\":\"2024-10-01T13:07:32+00:00\",\"description\":\"La CilfaCyclette: descubrid la cultura francesa y aprend\u00e9is el franc\u00e9s\u2026 pedaleando. El giro de los Bauges por las pistas ciclables en 4 dias en immersi\u00f3n total en la lengua francesa.\",\"breadcrumb\":{\"@id\":\"https:\\\/\\\/www.cilfa.fr\\\/es\\\/cilfacyclette\\\/#breadcrumb\"},\"inLanguage\":\"es\",\"potentialAction\":[{\"@type\":\"ReadAction\",\"target\":[\"https:\\\/\\\/www.cilfa.fr\\\/es\\\/cilfacyclette\\\/\"]}]},{\"@type\":\"ImageObject\",\"inLanguage\":\"es\",\"@id\":\"https:\\\/\\\/www.cilfa.fr\\\/es\\\/cilfacyclette\\\/#primaryimage\",\"url\":\"https:\\\/\\\/www.cilfa.fr\\\/wp-content\\\/uploads\\\/2017\\\/05\\\/CilfaCycletteFabienOK-1-e1510670463996.jpg\",\"contentUrl\":\"https:\\\/\\\/www.cilfa.fr\\\/wp-content\\\/uploads\\\/2017\\\/05\\\/CilfaCycletteFabienOK-1-e1510670463996.jpg\",\"width\":1469,\"height\":375},{\"@type\":\"BreadcrumbList\",\"@id\":\"https:\\\/\\\/www.cilfa.fr\\\/es\\\/cilfacyclette\\\/#breadcrumb\",\"itemListElement\":[{\"@type\":\"ListItem\",\"position\":1,\"name\":\"Accueil\",\"item\":\"https:\\\/\\\/www.cilfa.fr\\\/es\\\/\"},{\"@type\":\"ListItem\",\"position\":2,\"name\":\"La CilfaCyclette\"}]},{\"@type\":\"WebSite\",\"@id\":\"https:\\\/\\\/www.cilfa.fr\\\/es\\\/#website\",\"url\":\"https:\\\/\\\/www.cilfa.fr\\\/es\\\/\",\"name\":\"Cilfa\",\"description\":\"Apprendre le fran\u00e7ais \u00e0 Annecy dans les Alpes\",\"publisher\":{\"@id\":\"https:\\\/\\\/www.cilfa.fr\\\/es\\\/#organization\"},\"potentialAction\":[{\"@type\":\"SearchAction\",\"target\":{\"@type\":\"EntryPoint\",\"urlTemplate\":\"https:\\\/\\\/www.cilfa.fr\\\/es\\\/?s={search_term_string}\"},\"query-input\":{\"@type\":\"PropertyValueSpecification\",\"valueRequired\":true,\"valueName\":\"search_term_string\"}}],\"inLanguage\":\"es\"},{\"@type\":\"Organization\",\"@id\":\"https:\\\/\\\/www.cilfa.fr\\\/es\\\/#organization\",\"name\":\"Cilfa\",\"url\":\"https:\\\/\\\/www.cilfa.fr\\\/es\\\/\",\"logo\":{\"@type\":\"ImageObject\",\"inLanguage\":\"es\",\"@id\":\"https:\\\/\\\/www.cilfa.fr\\\/es\\\/#\\\/schema\\\/logo\\\/image\\\/\",\"url\":\"https:\\\/\\\/www.cilfa.fr\\\/wp-content\\\/uploads\\\/2017\\\/04\\\/cropped-logo.png\",\"contentUrl\":\"https:\\\/\\\/www.cilfa.fr\\\/wp-content\\\/uploads\\\/2017\\\/04\\\/cropped-logo.png\",\"width\":306,\"height\":200,\"caption\":\"Cilfa\"},\"image\":{\"@id\":\"https:\\\/\\\/www.cilfa.fr\\\/es\\\/#\\\/schema\\\/logo\\\/image\\\/\"}}]}<\/script>\n<!-- \/ Yoast SEO plugin. -->","yoast_head_json":{"title":"La CilfaCyclette - Cilfa","description":"La CilfaCyclette: descubrid la cultura francesa y aprend\u00e9is el franc\u00e9s\u2026 pedaleando. El giro de los Bauges por las pistas ciclables en 4 dias en immersi\u00f3n total en la lengua francesa.","robots":{"index":"index","follow":"follow","max-snippet":"max-snippet:-1","max-image-preview":"max-image-preview:large","max-video-preview":"max-video-preview:-1"},"canonical":"https:\/\/www.cilfa.fr\/es\/cilfacyclette\/","og_locale":"es_ES","og_type":"article","og_title":"La CilfaCyclette - Cilfa","og_description":"La CilfaCyclette: descubrid la cultura francesa y aprend\u00e9is el franc\u00e9s\u2026 pedaleando. El giro de los Bauges por las pistas ciclables en 4 dias en immersi\u00f3n total en la lengua francesa.","og_url":"https:\/\/www.cilfa.fr\/es\/cilfacyclette\/","og_site_name":"Cilfa","article_modified_time":"2024-10-01T13:07:32+00:00","og_image":[{"width":1469,"height":375,"url":"https:\/\/www.cilfa.fr\/wp-content\/uploads\/2017\/05\/CilfaCycletteFabienOK-1-e1510670463996.jpg","type":"image\/jpeg"}],"twitter_card":"summary_large_image","twitter_misc":{"Tiempo de lectura":"3 minutos"},"schema":{"@context":"https:\/\/schema.org","@graph":[{"@type":"WebPage","@id":"https:\/\/www.cilfa.fr\/es\/cilfacyclette\/","url":"https:\/\/www.cilfa.fr\/es\/cilfacyclette\/","name":"La CilfaCyclette - Cilfa","isPartOf":{"@id":"https:\/\/www.cilfa.fr\/es\/#website"},"primaryImageOfPage":{"@id":"https:\/\/www.cilfa.fr\/es\/cilfacyclette\/#primaryimage"},"image":{"@id":"https:\/\/www.cilfa.fr\/es\/cilfacyclette\/#primaryimage"},"thumbnailUrl":"https:\/\/www.cilfa.fr\/wp-content\/uploads\/2017\/05\/CilfaCycletteFabienOK-1-e1510670463996.jpg","datePublished":"2017-05-31T13:22:19+00:00","dateModified":"2024-10-01T13:07:32+00:00","description":"La CilfaCyclette: descubrid la cultura francesa y aprend\u00e9is el franc\u00e9s\u2026 pedaleando. El giro de los Bauges por las pistas ciclables en 4 dias en immersi\u00f3n total en la lengua francesa.","breadcrumb":{"@id":"https:\/\/www.cilfa.fr\/es\/cilfacyclette\/#breadcrumb"},"inLanguage":"es","potentialAction":[{"@type":"ReadAction","target":["https:\/\/www.cilfa.fr\/es\/cilfacyclette\/"]}]},{"@type":"ImageObject","inLanguage":"es","@id":"https:\/\/www.cilfa.fr\/es\/cilfacyclette\/#primaryimage","url":"https:\/\/www.cilfa.fr\/wp-content\/uploads\/2017\/05\/CilfaCycletteFabienOK-1-e1510670463996.jpg","contentUrl":"https:\/\/www.cilfa.fr\/wp-content\/uploads\/2017\/05\/CilfaCycletteFabienOK-1-e1510670463996.jpg","width":1469,"height":375},{"@type":"BreadcrumbList","@id":"https:\/\/www.cilfa.fr\/es\/cilfacyclette\/#breadcrumb","itemListElement":[{"@type":"ListItem","position":1,"name":"Accueil","item":"https:\/\/www.cilfa.fr\/es\/"},{"@type":"ListItem","position":2,"name":"La CilfaCyclette"}]},{"@type":"WebSite","@id":"https:\/\/www.cilfa.fr\/es\/#website","url":"https:\/\/www.cilfa.fr\/es\/","name":"Cilfa","description":"Apprendre le fran\u00e7ais \u00e0 Annecy dans les Alpes","publisher":{"@id":"https:\/\/www.cilfa.fr\/es\/#organization"},"potentialAction":[{"@type":"SearchAction","target":{"@type":"EntryPoint","urlTemplate":"https:\/\/www.cilfa.fr\/es\/?s={search_term_string}"},"query-input":{"@type":"PropertyValueSpecification","valueRequired":true,"valueName":"search_term_string"}}],"inLanguage":"es"},{"@type":"Organization","@id":"https:\/\/www.cilfa.fr\/es\/#organization","name":"Cilfa","url":"https:\/\/www.cilfa.fr\/es\/","logo":{"@type":"ImageObject","inLanguage":"es","@id":"https:\/\/www.cilfa.fr\/es\/#\/schema\/logo\/image\/","url":"https:\/\/www.cilfa.fr\/wp-content\/uploads\/2017\/04\/cropped-logo.png","contentUrl":"https:\/\/www.cilfa.fr\/wp-content\/uploads\/2017\/04\/cropped-logo.png","width":306,"height":200,"caption":"Cilfa"},"image":{"@id":"https:\/\/www.cilfa.fr\/es\/#\/schema\/logo\/image\/"}}]}},"_links":{"self":[{"href":"https:\/\/www.cilfa.fr\/es\/wp-json\/wp\/v2\/pages\/1300","targetHints":{"allow":["GET"]}}],"collection":[{"href":"https:\/\/www.cilfa.fr\/es\/wp-json\/wp\/v2\/pages"}],"about":[{"href":"https:\/\/www.cilfa.fr\/es\/wp-json\/wp\/v2\/types\/page"}],"author":[{"embeddable":true,"href":"https:\/\/www.cilfa.fr\/es\/wp-json\/wp\/v2\/users\/8"}],"replies":[{"embeddable":true,"href":"https:\/\/www.cilfa.fr\/es\/wp-json\/wp\/v2\/comments?post=1300"}],"version-history":[{"count":19,"href":"https:\/\/www.cilfa.fr\/es\/wp-json\/wp\/v2\/pages\/1300\/revisions"}],"predecessor-version":[{"id":10886,"href":"https:\/\/www.cilfa.fr\/es\/wp-json\/wp\/v2\/pages\/1300\/revisions\/10886"}],"wp:featuredmedia":[{"embeddable":true,"href":"https:\/\/www.cilfa.fr\/es\/wp-json\/wp\/v2\/media\/2923"}],"wp:attachment":[{"href":"https:\/\/www.cilfa.fr\/es\/wp-json\/wp\/v2\/media?parent=1300"}],"curies":[{"name":"wp","href":"https:\/\/api.w.org\/{rel}","templated":true}]}}