{"id":4979,"date":"2018-09-20T16:18:54","date_gmt":"2018-09-20T14:18:54","guid":{"rendered":"https:\/\/www.cilfa.fr\/?page_id=4979"},"modified":"2019-10-09T16:43:55","modified_gmt":"2019-10-09T14:43:55","slug":"galerie-photos","status":"publish","type":"page","link":"https:\/\/www.cilfa.fr\/en\/galerie-photos\/","title":{"rendered":"Photo gallery"},"content":{"rendered":"<div id='gallery-1' class='gallery galleryid-4979 gallery-columns-4 gallery-size-thumbnail'><figure class='gallery-item'>\n\t\t\t<div class='gallery-icon landscape'>\n\t\t\t\t<a href='https:\/\/www.cilfa.fr\/en\/10689790_813296732048273_4117468549980735917_n-2\/'><img loading=\"lazy\" decoding=\"async\" width=\"150\" height=\"150\" src=\"https:\/\/www.cilfa.fr\/wp-content\/uploads\/2018\/06\/10689790_813296732048273_4117468549980735917_n-150x150.jpg\" class=\"attachment-thumbnail size-thumbnail\" alt=\"\" aria-describedby=\"gallery-1-4559\" \/><\/a>\n\t\t\t<\/div>\n\t\t\t\t<figcaption class='wp-caption-text gallery-caption' id='gallery-1-4559'>\n\t\t\t\tLe Palais de l&#8217;Isle\nPhoto : Lac Annecy tourisme\n\t\t\t\t<\/figcaption><\/figure><figure class='gallery-item'>\n\t\t\t<div class='gallery-icon landscape'>\n\t\t\t\t<a href='https:\/\/www.cilfa.fr\/en\/outside-activities\/activites-2\/'><img loading=\"lazy\" decoding=\"async\" width=\"150\" height=\"150\" src=\"https:\/\/www.cilfa.fr\/wp-content\/uploads\/2017\/05\/activites-150x150.jpg\" class=\"attachment-thumbnail size-thumbnail\" alt=\"\" aria-describedby=\"gallery-1-520\" \/><\/a>\n\t\t\t<\/div>\n\t\t\t\t<figcaption class='wp-caption-text gallery-caption' id='gallery-1-520'>\n\t\t\t\tEchanges avec Pierre GAY, fromager &#8220;Meilleur ouvrier de France&#8221;\n\t\t\t\t<\/figcaption><\/figure><figure class='gallery-item'>\n\t\t\t<div class='gallery-icon landscape'>\n\t\t\t\t<a href='https:\/\/www.cilfa.fr\/en\/5-3-2\/'><img loading=\"lazy\" decoding=\"async\" width=\"150\" height=\"150\" src=\"https:\/\/www.cilfa.fr\/wp-content\/uploads\/2018\/01\/5-1-150x150.jpg\" class=\"attachment-thumbnail size-thumbnail\" alt=\"Les \u00e9tudiants fabriquent des robots \u00e0 partir de cubes multi-fonctions\" aria-describedby=\"gallery-1-3692\" \/><\/a>\n\t\t\t<\/div>\n\t\t\t\t<figcaption class='wp-caption-text gallery-caption' id='gallery-1-3692'>\n\t\t\t\tLes \u00e9tudiants fabriquent des robots \u00e0 partir de cubes multi-fonctions\n\t\t\t\t<\/figcaption><\/figure><figure class='gallery-item'>\n\t\t\t<div class='gallery-icon landscape'>\n\t\t\t\t<a href='https:\/\/www.cilfa.fr\/en\/6-11-2-2\/'><img loading=\"lazy\" decoding=\"async\" width=\"150\" height=\"150\" src=\"https:\/\/www.cilfa.fr\/wp-content\/uploads\/2018\/09\/6-150x150.jpg\" class=\"attachment-thumbnail size-thumbnail\" alt=\"La voie verte\" aria-describedby=\"gallery-1-4717\" \/><\/a>\n\t\t\t<\/div>\n\t\t\t\t<figcaption class='wp-caption-text gallery-caption' id='gallery-1-4717'>\n\t\t\t\tLa voie verte\n\t\t\t\t<\/figcaption><\/figure><figure class='gallery-item'>\n\t\t\t<div class='gallery-icon landscape'>\n\t\t\t\t<a href='https:\/\/www.cilfa.fr\/en\/20180425_150656-2\/'><img loading=\"lazy\" decoding=\"async\" width=\"150\" height=\"150\" src=\"https:\/\/www.cilfa.fr\/wp-content\/uploads\/2018\/04\/20180425_150656-150x150.jpg\" class=\"attachment-thumbnail size-thumbnail\" alt=\"Pendant la mont\u00e9e\" aria-describedby=\"gallery-1-4402\" \/><\/a>\n\t\t\t<\/div>\n\t\t\t\t<figcaption class='wp-caption-text gallery-caption' id='gallery-1-4402'>\n\t\t\t\tPendant la mont\u00e9e\n\t\t\t\t<\/figcaption><\/figure><figure class='gallery-item'>\n\t\t\t<div class='gallery-icon landscape'>\n\t\t\t\t<a href='https:\/\/www.cilfa.fr\/en\/free-services-and-workshops\/img_1818-2\/'><img loading=\"lazy\" decoding=\"async\" width=\"150\" height=\"150\" src=\"https:\/\/www.cilfa.fr\/wp-content\/uploads\/2017\/05\/IMG_1818-150x150.jpg\" class=\"attachment-thumbnail size-thumbnail\" alt=\"\" aria-describedby=\"gallery-1-553\" \/><\/a>\n\t\t\t<\/div>\n\t\t\t\t<figcaption class='wp-caption-text gallery-caption' id='gallery-1-553'>\n\t\t\t\tPronunciation workshop at the library\n\t\t\t\t<\/figcaption><\/figure><figure class='gallery-item'>\n\t\t\t<div class='gallery-icon landscape'>\n\t\t\t\t<a href='https:\/\/www.cilfa.fr\/en\/20180425_143850-2\/'><img loading=\"lazy\" decoding=\"async\" width=\"150\" height=\"150\" src=\"https:\/\/www.cilfa.fr\/wp-content\/uploads\/2018\/04\/20180425_143850-150x150.jpg\" class=\"attachment-thumbnail size-thumbnail\" alt=\"Le d\u00e9part de la randonn\u00e9e\" aria-describedby=\"gallery-1-4394\" \/><\/a>\n\t\t\t<\/div>\n\t\t\t\t<figcaption class='wp-caption-text gallery-caption' id='gallery-1-4394'>\n\t\t\t\tLe d\u00e9part de la randonn\u00e9e\n\t\t\t\t<\/figcaption><\/figure><figure class='gallery-item'>\n\t\t\t<div class='gallery-icon landscape'>\n\t\t\t\t<a href='https:\/\/www.cilfa.fr\/en\/f-2-2\/'><img loading=\"lazy\" decoding=\"async\" width=\"150\" height=\"150\" src=\"https:\/\/www.cilfa.fr\/wp-content\/uploads\/2018\/04\/F-1-150x150.jpg\" class=\"attachment-thumbnail size-thumbnail\" alt=\"On s&#039;est bien r\u00e9gal\u00e9s\" aria-describedby=\"gallery-1-4370\" \/><\/a>\n\t\t\t<\/div>\n\t\t\t\t<figcaption class='wp-caption-text gallery-caption' id='gallery-1-4370'>\n\t\t\t\tOn s&#8217;est bien r\u00e9gal\u00e9s\n\t\t\t\t<\/figcaption><\/figure><figure class='gallery-item'>\n\t\t\t<div class='gallery-icon landscape'>\n\t\t\t\t<a href='https:\/\/www.cilfa.fr\/en\/photo6-2\/'><img loading=\"lazy\" decoding=\"async\" width=\"150\" height=\"150\" src=\"https:\/\/www.cilfa.fr\/wp-content\/uploads\/2017\/10\/photo6-150x150.jpg\" class=\"attachment-thumbnail size-thumbnail\" alt=\"\" aria-describedby=\"gallery-1-3006\" \/><\/a>\n\t\t\t<\/div>\n\t\t\t\t<figcaption class='wp-caption-text gallery-caption' id='gallery-1-3006'>\n\t\t\t\tLes noms des fromages locaux, vous les connaissez ?\n\t\t\t\t<\/figcaption><\/figure><figure class='gallery-item'>\n\t\t\t<div class='gallery-icon landscape'>\n\t\t\t\t<a href='https:\/\/www.cilfa.fr\/en\/cdm3-2\/'><img loading=\"lazy\" decoding=\"async\" width=\"150\" height=\"150\" src=\"https:\/\/www.cilfa.fr\/wp-content\/uploads\/2017\/11\/cdm3-150x150.jpg\" class=\"attachment-thumbnail size-thumbnail\" alt=\"Cuisines du monde\" aria-describedby=\"gallery-1-3197\" \/><\/a>\n\t\t\t<\/div>\n\t\t\t\t<figcaption class='wp-caption-text gallery-caption' id='gallery-1-3197'>\n\t\t\t\tCuisines du monde\n\t\t\t\t<\/figcaption><\/figure><figure class='gallery-item'>\n\t\t\t<div class='gallery-icon landscape'>\n\t\t\t\t<a href='https:\/\/www.cilfa.fr\/en\/free-services-and-workshops\/img_1124-2\/'><img loading=\"lazy\" decoding=\"async\" width=\"150\" height=\"150\" src=\"https:\/\/www.cilfa.fr\/wp-content\/uploads\/2017\/05\/IMG_1124-150x150.jpg\" class=\"attachment-thumbnail size-thumbnail\" alt=\"Pause caf\u00e9\" aria-describedby=\"gallery-1-541\" \/><\/a>\n\t\t\t<\/div>\n\t\t\t\t<figcaption class='wp-caption-text gallery-caption' id='gallery-1-541'>\n\t\t\t\tCoffee and tea\nTuesday and Thursday mornings \n\t\t\t\t<\/figcaption><\/figure><figure class='gallery-item'>\n\t\t\t<div class='gallery-icon landscape'>\n\t\t\t\t<a href='https:\/\/www.cilfa.fr\/en\/20180502_160627-2\/'><img loading=\"lazy\" decoding=\"async\" width=\"150\" height=\"150\" src=\"https:\/\/www.cilfa.fr\/wp-content\/uploads\/2018\/05\/20180502_160627-150x150.jpg\" class=\"attachment-thumbnail size-thumbnail\" alt=\"Travail sur le lexique dans une bonne ambiance\" aria-describedby=\"gallery-1-4466\" \/><\/a>\n\t\t\t<\/div>\n\t\t\t\t<figcaption class='wp-caption-text gallery-caption' id='gallery-1-4466'>\n\t\t\t\tTravail sur le lexique dans une bonne ambiance\n\t\t\t\t<\/figcaption><\/figure><figure class='gallery-item'>\n\t\t\t<div class='gallery-icon landscape'>\n\t\t\t\t<a href='https:\/\/www.cilfa.fr\/en\/20171018_155420-2\/'><img loading=\"lazy\" decoding=\"async\" width=\"150\" height=\"150\" src=\"https:\/\/www.cilfa.fr\/wp-content\/uploads\/2017\/10\/20171018_155420-150x150.jpg\" class=\"attachment-thumbnail size-thumbnail\" alt=\"\" aria-describedby=\"gallery-1-3069\" \/><\/a>\n\t\t\t<\/div>\n\t\t\t\t<figcaption class='wp-caption-text gallery-caption' id='gallery-1-3069'>\n\t\t\t\tLe lac d&#8217;Annecy depuis Talabar\n\t\t\t\t<\/figcaption><\/figure><figure class='gallery-item'>\n\t\t\t<div class='gallery-icon landscape'>\n\t\t\t\t<a href='https:\/\/www.cilfa.fr\/en\/accommodation\/img_1944-2\/'><img loading=\"lazy\" decoding=\"async\" width=\"150\" height=\"150\" src=\"https:\/\/www.cilfa.fr\/wp-content\/uploads\/2017\/05\/IMG_1944-150x150.jpeg\" class=\"attachment-thumbnail size-thumbnail\" alt=\"\" aria-describedby=\"gallery-1-465\" \/><\/a>\n\t\t\t<\/div>\n\t\t\t\t<figcaption class='wp-caption-text gallery-caption' id='gallery-1-465'>\n\t\t\t\tChambre dans la r\u00e9sidence d&#8217;Evires\n\t\t\t\t<\/figcaption><\/figure><figure class='gallery-item'>\n\t\t\t<div class='gallery-icon landscape'>\n\t\t\t\t<a href='https:\/\/www.cilfa.fr\/en\/4-16-2\/'><img loading=\"lazy\" decoding=\"async\" width=\"150\" height=\"150\" src=\"https:\/\/www.cilfa.fr\/wp-content\/uploads\/2018\/09\/4-3-150x150.jpg\" class=\"attachment-thumbnail size-thumbnail\" alt=\"Pause dans les gorges du Sierroz\" aria-describedby=\"gallery-1-4916\" \/><\/a>\n\t\t\t<\/div>\n\t\t\t\t<figcaption class='wp-caption-text gallery-caption' id='gallery-1-4916'>\n\t\t\t\tPause dans les gorges du Sierroz\n\t\t\t\t<\/figcaption><\/figure><figure class='gallery-item'>\n\t\t\t<div class='gallery-icon landscape'>\n\t\t\t\t<a href='https:\/\/www.cilfa.fr\/en\/4-11-2-2\/'><img loading=\"lazy\" decoding=\"async\" width=\"150\" height=\"150\" src=\"https:\/\/www.cilfa.fr\/wp-content\/uploads\/2018\/03\/4-5-150x150.jpg\" class=\"attachment-thumbnail size-thumbnail\" alt=\"Les \u00e9tudiants attaquent !\" aria-describedby=\"gallery-1-4102\" \/><\/a>\n\t\t\t<\/div>\n\t\t\t\t<figcaption class='wp-caption-text gallery-caption' id='gallery-1-4102'>\n\t\t\t\tLes \u00e9tudiants attaquent la fondue !\n\t\t\t\t<\/figcaption><\/figure><figure class='gallery-item'>\n\t\t\t<div class='gallery-icon landscape'>\n\t\t\t\t<a href='https:\/\/www.cilfa.fr\/en\/20180411_1447351-2\/'><img loading=\"lazy\" decoding=\"async\" width=\"150\" height=\"150\" src=\"https:\/\/www.cilfa.fr\/wp-content\/uploads\/2018\/04\/20180411_1447351-1-150x150.jpg\" class=\"attachment-thumbnail size-thumbnail\" alt=\"Discussion sur les films d&#039;animation\" aria-describedby=\"gallery-1-4325\" \/><\/a>\n\t\t\t<\/div>\n\t\t\t\t<figcaption class='wp-caption-text gallery-caption' id='gallery-1-4325'>\n\t\t\t\tDiscussion sur les films d&#8217;animation\n\t\t\t\t<\/figcaption><\/figure><figure class='gallery-item'>\n\t\t\t<div class='gallery-icon landscape'>\n\t\t\t\t<a href='https:\/\/www.cilfa.fr\/en\/3-15-2\/'><img loading=\"lazy\" decoding=\"async\" width=\"150\" height=\"150\" src=\"https:\/\/www.cilfa.fr\/wp-content\/uploads\/2018\/09\/3-3-150x150.jpg\" class=\"attachment-thumbnail size-thumbnail\" alt=\"Pr\u00eats pour le pique-nique ?\" aria-describedby=\"gallery-1-4912\" \/><\/a>\n\t\t\t<\/div>\n\t\t\t\t<figcaption class='wp-caption-text gallery-caption' id='gallery-1-4912'>\n\t\t\t\tPr\u00eats pour le pique-nique ?\n\t\t\t\t<\/figcaption><\/figure><figure class='gallery-item'>\n\t\t\t<div class='gallery-icon landscape'>\n\t\t\t\t<a href='https:\/\/www.cilfa.fr\/en\/cilfa_img_1301_2-2\/'><img loading=\"lazy\" decoding=\"async\" width=\"150\" height=\"150\" src=\"https:\/\/www.cilfa.fr\/wp-content\/uploads\/2017\/04\/cilfa_IMG_1301_2-150x150.jpg\" class=\"attachment-thumbnail size-thumbnail\" alt=\"Cours de fran\u00e7ais au CILFA\" aria-describedby=\"gallery-1-24\" \/><\/a>\n\t\t\t<\/div>\n\t\t\t\t<figcaption class='wp-caption-text gallery-caption' id='gallery-1-24'>\n\t\t\t\tFrench course\n\t\t\t\t<\/figcaption><\/figure><figure class='gallery-item'>\n\t\t\t<div class='gallery-icon landscape'>\n\t\t\t\t<a href='https:\/\/www.cilfa.fr\/en\/cdm2-2\/'><img loading=\"lazy\" decoding=\"async\" width=\"150\" height=\"150\" src=\"https:\/\/www.cilfa.fr\/wp-content\/uploads\/2017\/11\/cdm2-150x150.jpg\" class=\"attachment-thumbnail size-thumbnail\" alt=\"Cuisines du monde\" aria-describedby=\"gallery-1-3193\" \/><\/a>\n\t\t\t<\/div>\n\t\t\t\t<figcaption class='wp-caption-text gallery-caption' id='gallery-1-3193'>\n\t\t\t\tSoir\u00e9e cuisines du monde\n\t\t\t\t<\/figcaption><\/figure><figure class='gallery-item'>\n\t\t\t<div class='gallery-icon landscape'>\n\t\t\t\t<a href='https:\/\/www.cilfa.fr\/en\/img_4189-2\/'><img loading=\"lazy\" decoding=\"async\" width=\"150\" height=\"150\" src=\"https:\/\/www.cilfa.fr\/wp-content\/uploads\/2018\/03\/IMG_4189-150x150.jpg\" class=\"attachment-thumbnail size-thumbnail\" alt=\"Groupe B1 CILFA\" aria-describedby=\"gallery-1-4129\" \/><\/a>\n\t\t\t<\/div>\n\t\t\t\t<figcaption class='wp-caption-text gallery-caption' id='gallery-1-4129'>\n\t\t\t\tGroupe B1 CILFA\n\t\t\t\t<\/figcaption><\/figure><figure class='gallery-item'>\n\t\t\t<div class='gallery-icon landscape'>\n\t\t\t\t<a href='https:\/\/www.cilfa.fr\/en\/cilvideo\/fromagerie\/screen-shot-2017-05-22-at-10-50-58-2\/'><img loading=\"lazy\" decoding=\"async\" width=\"150\" height=\"150\" src=\"https:\/\/www.cilfa.fr\/wp-content\/uploads\/2017\/05\/Screen-Shot-2017-05-22-at-10.50.58-150x150.png\" class=\"attachment-thumbnail size-thumbnail\" alt=\"\" aria-describedby=\"gallery-1-1086\" \/><\/a>\n\t\t\t<\/div>\n\t\t\t\t<figcaption class='wp-caption-text gallery-caption' id='gallery-1-1086'>\n\t\t\t\tD\u00e9gustation de vins et fromages chez un fromager\n\t\t\t\t<\/figcaption><\/figure><figure class='gallery-item'>\n\t\t\t<div class='gallery-icon landscape'>\n\t\t\t\t<a href='https:\/\/www.cilfa.fr\/en\/outside-activities\/activites-2-copy-2\/'><img loading=\"lazy\" decoding=\"async\" width=\"150\" height=\"150\" src=\"https:\/\/www.cilfa.fr\/wp-content\/uploads\/2017\/05\/activites-2-copy-150x150.jpg\" class=\"attachment-thumbnail size-thumbnail\" alt=\"\" aria-describedby=\"gallery-1-530\" \/><\/a>\n\t\t\t<\/div>\n\t\t\t\t<figcaption class='wp-caption-text gallery-caption' id='gallery-1-530'>\n\t\t\t\tSortie raquettes au Semnoz\n\t\t\t\t<\/figcaption><\/figure><figure class='gallery-item'>\n\t\t\t<div class='gallery-icon portrait'>\n\t\t\t\t<a href='https:\/\/www.cilfa.fr\/en\/talabar2-2\/'><img loading=\"lazy\" decoding=\"async\" width=\"150\" height=\"150\" src=\"https:\/\/www.cilfa.fr\/wp-content\/uploads\/2017\/07\/Talabar2-150x150.jpg\" class=\"attachment-thumbnail size-thumbnail\" alt=\"\" aria-describedby=\"gallery-1-2384\" \/><\/a>\n\t\t\t<\/div>\n\t\t\t\t<figcaption class='wp-caption-text gallery-caption' id='gallery-1-2384'>\n\t\t\t\tRandonn\u00e9e vers le Mont Veyrier avec le CILFA\n\t\t\t\t<\/figcaption><\/figure><figure class='gallery-item'>\n\t\t\t<div class='gallery-icon landscape'>\n\t\t\t\t<a href='https:\/\/www.cilfa.fr\/en\/13325456_1167908049920471_2960696832333159675_n-3-2\/'><img loading=\"lazy\" decoding=\"async\" width=\"150\" height=\"150\" src=\"https:\/\/www.cilfa.fr\/wp-content\/uploads\/2018\/06\/13325456_1167908049920471_2960696832333159675_n-2-150x150.jpg\" class=\"attachment-thumbnail size-thumbnail\" alt=\"\" aria-describedby=\"gallery-1-4574\" \/><\/a>\n\t\t\t<\/div>\n\t\t\t\t<figcaption class='wp-caption-text gallery-caption' id='gallery-1-4574'>\n\t\t\t\tLe lac d&#8217;Annecy et son eau turquoise\n\t\t\t\t<\/figcaption><\/figure><figure class='gallery-item'>\n\t\t\t<div class='gallery-icon landscape'>\n\t\t\t\t<a href='https:\/\/www.cilfa.fr\/en\/annecy-and-its-surroundings\/0006w-2-2\/'><img loading=\"lazy\" decoding=\"async\" width=\"150\" height=\"150\" src=\"https:\/\/www.cilfa.fr\/wp-content\/uploads\/2017\/04\/0006W-150x150.jpg\" class=\"attachment-thumbnail size-thumbnail\" alt=\"\" aria-describedby=\"gallery-1-366\" \/><\/a>\n\t\t\t<\/div>\n\t\t\t\t<figcaption class='wp-caption-text gallery-caption' id='gallery-1-366'>\n\t\t\t\tLes cygnes amoureux\n\t\t\t\t<\/figcaption><\/figure><figure class='gallery-item'>\n\t\t\t<div class='gallery-icon portrait'>\n\t\t\t\t<a href='https:\/\/www.cilfa.fr\/en\/cdm5-2\/'><img loading=\"lazy\" decoding=\"async\" width=\"150\" height=\"150\" src=\"https:\/\/www.cilfa.fr\/wp-content\/uploads\/2017\/11\/cdm5-150x150.jpg\" class=\"attachment-thumbnail size-thumbnail\" alt=\"Cuisines du monde\" aria-describedby=\"gallery-1-3206\" \/><\/a>\n\t\t\t<\/div>\n\t\t\t\t<figcaption class='wp-caption-text gallery-caption' id='gallery-1-3206'>\n\t\t\t\tCuisines du monde\n\t\t\t\t<\/figcaption><\/figure><figure class='gallery-item'>\n\t\t\t<div class='gallery-icon landscape'>\n\t\t\t\t<a href='https:\/\/www.cilfa.fr\/en\/12-4-2\/'><img loading=\"lazy\" decoding=\"async\" width=\"150\" height=\"150\" src=\"https:\/\/www.cilfa.fr\/wp-content\/uploads\/2018\/09\/12-3-150x150.jpg\" class=\"attachment-thumbnail size-thumbnail\" alt=\"Pot de fin de CilfaCyclette\" aria-describedby=\"gallery-1-4948\" \/><\/a>\n\t\t\t<\/div>\n\t\t\t\t<figcaption class='wp-caption-text gallery-caption' id='gallery-1-4948'>\n\t\t\t\tPot de fin de CilfaCyclette\n\t\t\t\t<\/figcaption><\/figure><figure class='gallery-item'>\n\t\t\t<div class='gallery-icon landscape'>\n\t\t\t\t<a href='https:\/\/www.cilfa.fr\/en\/annecy-and-its-surroundings\/0007w-2-2\/'><img loading=\"lazy\" decoding=\"async\" width=\"150\" height=\"150\" src=\"https:\/\/www.cilfa.fr\/wp-content\/uploads\/2017\/04\/0007W-150x150.jpg\" class=\"attachment-thumbnail size-thumbnail\" alt=\"\" aria-describedby=\"gallery-1-370\" \/><\/a>\n\t\t\t<\/div>\n\t\t\t\t<figcaption class='wp-caption-text gallery-caption' id='gallery-1-370'>\n\t\t\t\tLe ch\u00e2teau de Duingt, lac d&#8217;Annecy\n\t\t\t\t<\/figcaption><\/figure><figure class='gallery-item'>\n\t\t\t<div class='gallery-icon landscape'>\n\t\t\t\t<a href='https:\/\/www.cilfa.fr\/en\/cuisines-du-monde\/img_2339-2\/'><img loading=\"lazy\" decoding=\"async\" width=\"150\" height=\"150\" src=\"https:\/\/www.cilfa.fr\/wp-content\/uploads\/2017\/06\/IMG_2339-150x150.jpg\" class=\"attachment-thumbnail size-thumbnail\" alt=\"Cuisines du monde CILFA\" aria-describedby=\"gallery-1-1732\" \/><\/a>\n\t\t\t<\/div>\n\t\t\t\t<figcaption class='wp-caption-text gallery-caption' id='gallery-1-1732'>\n\t\t\t\tCuisines du monde CILFA\n\t\t\t\t<\/figcaption><\/figure><figure class='gallery-item'>\n\t\t\t<div class='gallery-icon landscape'>\n\t\t\t\t<a href='https:\/\/www.cilfa.fr\/en\/20170727_152551-2\/'><img loading=\"lazy\" decoding=\"async\" width=\"150\" height=\"150\" src=\"https:\/\/www.cilfa.fr\/wp-content\/uploads\/2017\/07\/20170727_152551-e1501506049288-150x150.jpg\" class=\"attachment-thumbnail size-thumbnail\" alt=\"\" aria-describedby=\"gallery-1-2468\" \/><\/a>\n\t\t\t<\/div>\n\t\t\t\t<figcaption class='wp-caption-text gallery-caption' id='gallery-1-2468'>\n\t\t\t\tConcours de p\u00e9tanque \n\t\t\t\t<\/figcaption><\/figure><figure class='gallery-item'>\n\t\t\t<div class='gallery-icon landscape'>\n\t\t\t\t<a href='https:\/\/www.cilfa.fr\/en\/20171025_154620-2\/'><img loading=\"lazy\" decoding=\"async\" width=\"150\" height=\"150\" src=\"https:\/\/www.cilfa.fr\/wp-content\/uploads\/2017\/10\/20171025_154620-150x150.jpg\" class=\"attachment-thumbnail size-thumbnail\" alt=\"\" aria-describedby=\"gallery-1-3104\" \/><\/a>\n\t\t\t<\/div>\n\t\t\t\t<figcaption class='wp-caption-text gallery-caption' id='gallery-1-3104'>\n\t\t\t\tSortie \u00e0 v\u00e9lo. Une CilfaCyclette, \u00e7a vous dit ?\n\t\t\t\t<\/figcaption><\/figure><figure class='gallery-item'>\n\t\t\t<div class='gallery-icon landscape'>\n\t\t\t\t<a href='https:\/\/www.cilfa.fr\/en\/2-11-2\/'><img loading=\"lazy\" decoding=\"async\" width=\"150\" height=\"150\" src=\"https:\/\/www.cilfa.fr\/wp-content\/uploads\/2018\/03\/2-2-150x150.jpg\" class=\"attachment-thumbnail size-thumbnail\" alt=\"L&#039;ap\u00e9ritif\" aria-describedby=\"gallery-1-4094\" \/><\/a>\n\t\t\t<\/div>\n\t\t\t\t<figcaption class='wp-caption-text gallery-caption' id='gallery-1-4094'>\n\t\t\t\tL&#8217;ap\u00e9ritif avant la pr\u00e9paration de la fondue\n\t\t\t\t<\/figcaption><\/figure><figure class='gallery-item'>\n\t\t\t<div class='gallery-icon landscape'>\n\t\t\t\t<a href='https:\/\/www.cilfa.fr\/en\/copia-de-img_2220-2\/'><img loading=\"lazy\" decoding=\"async\" width=\"150\" height=\"150\" src=\"https:\/\/www.cilfa.fr\/wp-content\/uploads\/2018\/07\/Co\u0301pia-de-IMG_2220-150x150.jpg\" class=\"attachment-thumbnail size-thumbnail\" alt=\"\" aria-describedby=\"gallery-1-4600\" \/><\/a>\n\t\t\t<\/div>\n\t\t\t\t<figcaption class='wp-caption-text gallery-caption' id='gallery-1-4600'>\n\t\t\t\tD\u00e9gustation de vins et fromages chez un fromager &#8220;Meilleur Ouvrier de France&#8221; : Pierre GAY \n\t\t\t\t<\/figcaption><\/figure><figure class='gallery-item'>\n\t\t\t<div class='gallery-icon landscape'>\n\t\t\t\t<a href='https:\/\/www.cilfa.fr\/en\/accommodation\/img_1988-2\/'><img loading=\"lazy\" decoding=\"async\" width=\"150\" height=\"150\" src=\"https:\/\/www.cilfa.fr\/wp-content\/uploads\/2017\/05\/IMG_1988-150x150.jpeg\" class=\"attachment-thumbnail size-thumbnail\" alt=\"\" aria-describedby=\"gallery-1-490\" \/><\/a>\n\t\t\t<\/div>\n\t\t\t\t<figcaption class='wp-caption-text gallery-caption' id='gallery-1-490'>\n\t\t\t\tDans une r\u00e9sidence pour \u00e9tudiants\n\t\t\t\t<\/figcaption><\/figure><figure class='gallery-item'>\n\t\t\t<div class='gallery-icon landscape'>\n\t\t\t\t<a href='https:\/\/www.cilfa.fr\/en\/20180502_164100-2\/'><img loading=\"lazy\" decoding=\"async\" width=\"150\" height=\"150\" src=\"https:\/\/www.cilfa.fr\/wp-content\/uploads\/2018\/05\/20180502_164100-150x150.jpg\" class=\"attachment-thumbnail size-thumbnail\" alt=\"Hiroka profite de la croisi\u00e8re !\" aria-describedby=\"gallery-1-4474\" \/><\/a>\n\t\t\t<\/div>\n\t\t\t\t<figcaption class='wp-caption-text gallery-caption' id='gallery-1-4474'>\n\t\t\t\tHiroka profite de la croisi\u00e8re !\n\t\t\t\t<\/figcaption><\/figure><figure class='gallery-item'>\n\t\t\t<div class='gallery-icon portrait'>\n\t\t\t\t<a href='https:\/\/www.cilfa.fr\/en\/20170807_175054-2\/'><img loading=\"lazy\" decoding=\"async\" width=\"150\" height=\"150\" src=\"https:\/\/www.cilfa.fr\/wp-content\/uploads\/2017\/08\/20170807_175054-150x150.jpg\" class=\"attachment-thumbnail size-thumbnail\" alt=\"\" aria-describedby=\"gallery-1-2535\" \/><\/a>\n\t\t\t<\/div>\n\t\t\t\t<figcaption class='wp-caption-text gallery-caption' id='gallery-1-2535'>\n\t\t\t\tDescente en luge d&#8217;\u00e9t\u00e9 au Semnoz\n\t\t\t\t<\/figcaption><\/figure><figure class='gallery-item'>\n\t\t\t<div class='gallery-icon landscape'>\n\t\t\t\t<a href='https:\/\/www.cilfa.fr\/en\/free-services-and-workshops\/cilfa_img_0736-2\/'><img loading=\"lazy\" decoding=\"async\" width=\"150\" height=\"150\" src=\"https:\/\/www.cilfa.fr\/wp-content\/uploads\/2017\/05\/cilfa_IMG_0736-150x150.jpg\" class=\"attachment-thumbnail size-thumbnail\" alt=\"\" aria-describedby=\"gallery-1-545\" \/><\/a>\n\t\t\t<\/div>\n\t\t\t\t<figcaption class='wp-caption-text gallery-caption' id='gallery-1-545'>\n\t\t\t\tTutoring\n\t\t\t\t<\/figcaption><\/figure><figure class='gallery-item'>\n\t\t\t<div class='gallery-icon landscape'>\n\t\t\t\t<a href='https:\/\/www.cilfa.fr\/en\/accommodation\/img_2016-2\/'><img loading=\"lazy\" decoding=\"async\" width=\"150\" height=\"150\" src=\"https:\/\/www.cilfa.fr\/wp-content\/uploads\/2017\/05\/IMG_2016-150x150.jpeg\" class=\"attachment-thumbnail size-thumbnail\" alt=\"\" aria-describedby=\"gallery-1-494\" \/><\/a>\n\t\t\t<\/div>\n\t\t\t\t<figcaption class='wp-caption-text gallery-caption' id='gallery-1-494'>\n\t\t\t\tLogement pour \u00e9tudiants\n\t\t\t\t<\/figcaption><\/figure><figure class='gallery-item'>\n\t\t\t<div class='gallery-icon landscape'>\n\t\t\t\t<a href='https:\/\/www.cilfa.fr\/en\/cuisines-du-monde\/img_2256-2\/'><img loading=\"lazy\" decoding=\"async\" width=\"150\" height=\"150\" src=\"https:\/\/www.cilfa.fr\/wp-content\/uploads\/2017\/06\/IMG_2256-150x150.jpg\" class=\"attachment-thumbnail size-thumbnail\" alt=\"Cuisines du monde CILFA\" aria-describedby=\"gallery-1-1728\" \/><\/a>\n\t\t\t<\/div>\n\t\t\t\t<figcaption class='wp-caption-text gallery-caption' id='gallery-1-1728'>\n\t\t\t\tCuisines du monde CILFA\n\t\t\t\t<\/figcaption><\/figure><figure class='gallery-item'>\n\t\t\t<div class='gallery-icon portrait'>\n\t\t\t\t<a href='https:\/\/www.cilfa.fr\/en\/cdm4-2\/'><img loading=\"lazy\" decoding=\"async\" width=\"150\" height=\"150\" src=\"https:\/\/www.cilfa.fr\/wp-content\/uploads\/2017\/11\/cdm4-150x150.jpg\" class=\"attachment-thumbnail size-thumbnail\" alt=\"Cuisines du monde\" aria-describedby=\"gallery-1-3202\" \/><\/a>\n\t\t\t<\/div>\n\t\t\t\t<figcaption class='wp-caption-text gallery-caption' id='gallery-1-3202'>\n\t\t\t\tCuisines du monde\n\t\t\t\t<\/figcaption><\/figure><figure class='gallery-item'>\n\t\t\t<div class='gallery-icon portrait'>\n\t\t\t\t<a href='https:\/\/www.cilfa.fr\/en\/dav-3-2\/'><img loading=\"lazy\" decoding=\"async\" width=\"150\" height=\"150\" src=\"https:\/\/www.cilfa.fr\/wp-content\/uploads\/2017\/09\/blog5-150x150.jpg\" class=\"attachment-thumbnail size-thumbnail\" alt=\"texte alternatif\" aria-describedby=\"gallery-1-2707\" \/><\/a>\n\t\t\t<\/div>\n\t\t\t\t<figcaption class='wp-caption-text gallery-caption' id='gallery-1-2707'>\n\t\t\t\tLe groupe du CILFA aux gorges du Fier\n\t\t\t\t<\/figcaption><\/figure><figure class='gallery-item'>\n\t\t\t<div class='gallery-icon landscape'>\n\t\t\t\t<a href='https:\/\/www.cilfa.fr\/en\/cilvideo\/le-cilfa\/screen-shot-2017-05-22-at-11-09-45-2-2\/'><img loading=\"lazy\" decoding=\"async\" width=\"150\" height=\"150\" src=\"https:\/\/www.cilfa.fr\/wp-content\/uploads\/2017\/05\/Screen-Shot-2017-05-22-at-11.09.45-2-150x150.png\" class=\"attachment-thumbnail size-thumbnail\" alt=\"Cours de pr\u00e9paration au DELF\" aria-describedby=\"gallery-1-1116\" \/><\/a>\n\t\t\t<\/div>\n\t\t\t\t<figcaption class='wp-caption-text gallery-caption' id='gallery-1-1116'>\n\t\t\t\tCours de pr\u00e9paration au DELF\n\t\t\t\t<\/figcaption><\/figure><figure class='gallery-item'>\n\t\t\t<div class='gallery-icon landscape'>\n\t\t\t\t<a href='https:\/\/www.cilfa.fr\/en\/courses-information\/infos-pedagogiques-2\/'><img loading=\"lazy\" decoding=\"async\" width=\"150\" height=\"150\" src=\"https:\/\/www.cilfa.fr\/wp-content\/uploads\/2017\/05\/infos-pedagogiques-150x150.jpg\" class=\"attachment-thumbnail size-thumbnail\" alt=\"\" aria-describedby=\"gallery-1-512\" \/><\/a>\n\t\t\t<\/div>\n\t\t\t\t<figcaption class='wp-caption-text gallery-caption' id='gallery-1-512'>\n\t\t\t\tEn classe\n\t\t\t\t<\/figcaption><\/figure><figure class='gallery-item'>\n\t\t\t<div class='gallery-icon landscape'>\n\t\t\t\t<a href='https:\/\/www.cilfa.fr\/en\/15232107_1327076584003616_7644753300569388041_n-2\/'><img loading=\"lazy\" decoding=\"async\" width=\"150\" height=\"150\" src=\"https:\/\/www.cilfa.fr\/wp-content\/uploads\/2018\/06\/15232107_1327076584003616_7644753300569388041_n-150x150.jpg\" class=\"attachment-thumbnail size-thumbnail\" alt=\"Photo : D. Lafon via Lac Annecy Tourisme\" aria-describedby=\"gallery-1-4562\" \/><\/a>\n\t\t\t<\/div>\n\t\t\t\t<figcaption class='wp-caption-text gallery-caption' id='gallery-1-4562'>\n\t\t\t\tCh\u00e2teau d&#8217;Annecy\nPhoto : D. Lafon via Lac Annecy Tourisme\n\t\t\t\t<\/figcaption><\/figure><figure class='gallery-item'>\n\t\t\t<div class='gallery-icon landscape'>\n\t\t\t\t<a href='https:\/\/www.cilfa.fr\/en\/photo1-2\/'><img loading=\"lazy\" decoding=\"async\" width=\"150\" height=\"150\" src=\"https:\/\/www.cilfa.fr\/wp-content\/uploads\/2017\/10\/photo1-150x150.jpg\" class=\"attachment-thumbnail size-thumbnail\" alt=\"\" aria-describedby=\"gallery-1-2986\" \/><\/a>\n\t\t\t<\/div>\n\t\t\t\t<figcaption class='wp-caption-text gallery-caption' id='gallery-1-2986'>\n\t\t\t\tLes \u00e9tudiants au caf\u00e9, chacun a parl\u00e9 d&#8217;une f\u00eate de son pays\n\t\t\t\t<\/figcaption><\/figure>\n\t\t<\/div>\n\n","protected":false},"excerpt":{"rendered":"","protected":false},"author":8,"featured_media":10104,"parent":0,"menu_order":0,"comment_status":"closed","ping_status":"closed","template":"","meta":{"footnotes":""},"class_list":["post-4979","page","type-page","status-publish","has-post-thumbnail","hentry"],"yoast_head":"<!-- This site is optimized with the Yoast SEO plugin v27.5 - https:\/\/yoast.com\/product\/yoast-seo-wordpress\/ -->\n<title>Photo gallery - Cilfa<\/title>\n<meta name=\"robots\" content=\"index, follow, max-snippet:-1, max-image-preview:large, max-video-preview:-1\" \/>\n<link rel=\"canonical\" href=\"https:\/\/www.cilfa.fr\/en\/galerie-photos\/\" \/>\n<meta property=\"og:locale\" content=\"en_US\" \/>\n<meta property=\"og:type\" content=\"article\" \/>\n<meta property=\"og:title\" content=\"Photo gallery - Cilfa\" \/>\n<meta property=\"og:url\" content=\"https:\/\/www.cilfa.fr\/en\/galerie-photos\/\" \/>\n<meta property=\"og:site_name\" content=\"Cilfa\" \/>\n<meta property=\"article:modified_time\" content=\"2019-10-09T14:43:55+00:00\" \/>\n<meta property=\"og:image\" content=\"https:\/\/www.cilfa.fr\/wp-content\/uploads\/2017\/08\/annecy_et_son_lac.jpg\" \/>\n\t<meta property=\"og:image:width\" content=\"962\" \/>\n\t<meta property=\"og:image:height\" content=\"300\" \/>\n\t<meta property=\"og:image:type\" content=\"image\/jpeg\" \/>\n<meta name=\"twitter:card\" content=\"summary_large_image\" \/>\n<script type=\"application\/ld+json\" class=\"yoast-schema-graph\">{\"@context\":\"https:\\\/\\\/schema.org\",\"@graph\":[{\"@type\":\"WebPage\",\"@id\":\"https:\\\/\\\/www.cilfa.fr\\\/en\\\/galerie-photos\\\/\",\"url\":\"https:\\\/\\\/www.cilfa.fr\\\/en\\\/galerie-photos\\\/\",\"name\":\"Photo gallery - Cilfa\",\"isPartOf\":{\"@id\":\"https:\\\/\\\/www.cilfa.fr\\\/es\\\/#website\"},\"primaryImageOfPage\":{\"@id\":\"https:\\\/\\\/www.cilfa.fr\\\/en\\\/galerie-photos\\\/#primaryimage\"},\"image\":{\"@id\":\"https:\\\/\\\/www.cilfa.fr\\\/en\\\/galerie-photos\\\/#primaryimage\"},\"thumbnailUrl\":\"https:\\\/\\\/www.cilfa.fr\\\/wp-content\\\/uploads\\\/2023\\\/09\\\/tumbler-rive-du-lac.png\",\"datePublished\":\"2018-09-20T14:18:54+00:00\",\"dateModified\":\"2019-10-09T14:43:55+00:00\",\"breadcrumb\":{\"@id\":\"https:\\\/\\\/www.cilfa.fr\\\/en\\\/galerie-photos\\\/#breadcrumb\"},\"inLanguage\":\"en-US\",\"potentialAction\":[{\"@type\":\"ReadAction\",\"target\":[\"https:\\\/\\\/www.cilfa.fr\\\/en\\\/galerie-photos\\\/\"]}]},{\"@type\":\"ImageObject\",\"inLanguage\":\"en-US\",\"@id\":\"https:\\\/\\\/www.cilfa.fr\\\/en\\\/galerie-photos\\\/#primaryimage\",\"url\":\"https:\\\/\\\/www.cilfa.fr\\\/wp-content\\\/uploads\\\/2023\\\/09\\\/tumbler-rive-du-lac.png\",\"contentUrl\":\"https:\\\/\\\/www.cilfa.fr\\\/wp-content\\\/uploads\\\/2023\\\/09\\\/tumbler-rive-du-lac.png\",\"width\":3000,\"height\":1055},{\"@type\":\"BreadcrumbList\",\"@id\":\"https:\\\/\\\/www.cilfa.fr\\\/en\\\/galerie-photos\\\/#breadcrumb\",\"itemListElement\":[{\"@type\":\"ListItem\",\"position\":1,\"name\":\"Accueil\",\"item\":\"https:\\\/\\\/www.cilfa.fr\\\/en\\\/\"},{\"@type\":\"ListItem\",\"position\":2,\"name\":\"Photo gallery\"}]},{\"@type\":\"WebSite\",\"@id\":\"https:\\\/\\\/www.cilfa.fr\\\/es\\\/#website\",\"url\":\"https:\\\/\\\/www.cilfa.fr\\\/es\\\/\",\"name\":\"Cilfa\",\"description\":\"Apprendre le fran\u00e7ais \u00e0 Annecy dans les Alpes\",\"publisher\":{\"@id\":\"https:\\\/\\\/www.cilfa.fr\\\/es\\\/#organization\"},\"potentialAction\":[{\"@type\":\"SearchAction\",\"target\":{\"@type\":\"EntryPoint\",\"urlTemplate\":\"https:\\\/\\\/www.cilfa.fr\\\/es\\\/?s={search_term_string}\"},\"query-input\":{\"@type\":\"PropertyValueSpecification\",\"valueRequired\":true,\"valueName\":\"search_term_string\"}}],\"inLanguage\":\"en-US\"},{\"@type\":\"Organization\",\"@id\":\"https:\\\/\\\/www.cilfa.fr\\\/es\\\/#organization\",\"name\":\"Cilfa\",\"url\":\"https:\\\/\\\/www.cilfa.fr\\\/es\\\/\",\"logo\":{\"@type\":\"ImageObject\",\"inLanguage\":\"en-US\",\"@id\":\"https:\\\/\\\/www.cilfa.fr\\\/es\\\/#\\\/schema\\\/logo\\\/image\\\/\",\"url\":\"https:\\\/\\\/www.cilfa.fr\\\/wp-content\\\/uploads\\\/2017\\\/04\\\/cropped-logo.png\",\"contentUrl\":\"https:\\\/\\\/www.cilfa.fr\\\/wp-content\\\/uploads\\\/2017\\\/04\\\/cropped-logo.png\",\"width\":306,\"height\":200,\"caption\":\"Cilfa\"},\"image\":{\"@id\":\"https:\\\/\\\/www.cilfa.fr\\\/es\\\/#\\\/schema\\\/logo\\\/image\\\/\"}}]}<\/script>\n<!-- \/ Yoast SEO plugin. -->","yoast_head_json":{"title":"Photo gallery - Cilfa","robots":{"index":"index","follow":"follow","max-snippet":"max-snippet:-1","max-image-preview":"max-image-preview:large","max-video-preview":"max-video-preview:-1"},"canonical":"https:\/\/www.cilfa.fr\/en\/galerie-photos\/","og_locale":"en_US","og_type":"article","og_title":"Photo gallery - Cilfa","og_url":"https:\/\/www.cilfa.fr\/en\/galerie-photos\/","og_site_name":"Cilfa","article_modified_time":"2019-10-09T14:43:55+00:00","og_image":[{"width":962,"height":300,"url":"https:\/\/www.cilfa.fr\/wp-content\/uploads\/2017\/08\/annecy_et_son_lac.jpg","type":"image\/jpeg"}],"twitter_card":"summary_large_image","schema":{"@context":"https:\/\/schema.org","@graph":[{"@type":"WebPage","@id":"https:\/\/www.cilfa.fr\/en\/galerie-photos\/","url":"https:\/\/www.cilfa.fr\/en\/galerie-photos\/","name":"Photo gallery - Cilfa","isPartOf":{"@id":"https:\/\/www.cilfa.fr\/es\/#website"},"primaryImageOfPage":{"@id":"https:\/\/www.cilfa.fr\/en\/galerie-photos\/#primaryimage"},"image":{"@id":"https:\/\/www.cilfa.fr\/en\/galerie-photos\/#primaryimage"},"thumbnailUrl":"https:\/\/www.cilfa.fr\/wp-content\/uploads\/2023\/09\/tumbler-rive-du-lac.png","datePublished":"2018-09-20T14:18:54+00:00","dateModified":"2019-10-09T14:43:55+00:00","breadcrumb":{"@id":"https:\/\/www.cilfa.fr\/en\/galerie-photos\/#breadcrumb"},"inLanguage":"en-US","potentialAction":[{"@type":"ReadAction","target":["https:\/\/www.cilfa.fr\/en\/galerie-photos\/"]}]},{"@type":"ImageObject","inLanguage":"en-US","@id":"https:\/\/www.cilfa.fr\/en\/galerie-photos\/#primaryimage","url":"https:\/\/www.cilfa.fr\/wp-content\/uploads\/2023\/09\/tumbler-rive-du-lac.png","contentUrl":"https:\/\/www.cilfa.fr\/wp-content\/uploads\/2023\/09\/tumbler-rive-du-lac.png","width":3000,"height":1055},{"@type":"BreadcrumbList","@id":"https:\/\/www.cilfa.fr\/en\/galerie-photos\/#breadcrumb","itemListElement":[{"@type":"ListItem","position":1,"name":"Accueil","item":"https:\/\/www.cilfa.fr\/en\/"},{"@type":"ListItem","position":2,"name":"Photo gallery"}]},{"@type":"WebSite","@id":"https:\/\/www.cilfa.fr\/es\/#website","url":"https:\/\/www.cilfa.fr\/es\/","name":"Cilfa","description":"Apprendre le fran\u00e7ais \u00e0 Annecy dans les Alpes","publisher":{"@id":"https:\/\/www.cilfa.fr\/es\/#organization"},"potentialAction":[{"@type":"SearchAction","target":{"@type":"EntryPoint","urlTemplate":"https:\/\/www.cilfa.fr\/es\/?s={search_term_string}"},"query-input":{"@type":"PropertyValueSpecification","valueRequired":true,"valueName":"search_term_string"}}],"inLanguage":"en-US"},{"@type":"Organization","@id":"https:\/\/www.cilfa.fr\/es\/#organization","name":"Cilfa","url":"https:\/\/www.cilfa.fr\/es\/","logo":{"@type":"ImageObject","inLanguage":"en-US","@id":"https:\/\/www.cilfa.fr\/es\/#\/schema\/logo\/image\/","url":"https:\/\/www.cilfa.fr\/wp-content\/uploads\/2017\/04\/cropped-logo.png","contentUrl":"https:\/\/www.cilfa.fr\/wp-content\/uploads\/2017\/04\/cropped-logo.png","width":306,"height":200,"caption":"Cilfa"},"image":{"@id":"https:\/\/www.cilfa.fr\/es\/#\/schema\/logo\/image\/"}}]}},"_links":{"self":[{"href":"https:\/\/www.cilfa.fr\/en\/wp-json\/wp\/v2\/pages\/4979","targetHints":{"allow":["GET"]}}],"collection":[{"href":"https:\/\/www.cilfa.fr\/en\/wp-json\/wp\/v2\/pages"}],"about":[{"href":"https:\/\/www.cilfa.fr\/en\/wp-json\/wp\/v2\/types\/page"}],"author":[{"embeddable":true,"href":"https:\/\/www.cilfa.fr\/en\/wp-json\/wp\/v2\/users\/8"}],"replies":[{"embeddable":true,"href":"https:\/\/www.cilfa.fr\/en\/wp-json\/wp\/v2\/comments?post=4979"}],"version-history":[{"count":8,"href":"https:\/\/www.cilfa.fr\/en\/wp-json\/wp\/v2\/pages\/4979\/revisions"}],"predecessor-version":[{"id":7412,"href":"https:\/\/www.cilfa.fr\/en\/wp-json\/wp\/v2\/pages\/4979\/revisions\/7412"}],"wp:featuredmedia":[{"embeddable":true,"href":"https:\/\/www.cilfa.fr\/en\/wp-json\/wp\/v2\/media\/10104"}],"wp:attachment":[{"href":"https:\/\/www.cilfa.fr\/en\/wp-json\/wp\/v2\/media?parent=4979"}],"curies":[{"name":"wp","href":"https:\/\/api.w.org\/{rel}","templated":true}]}}